{"id":4050,"date":"2025-03-19T13:31:48","date_gmt":"2025-03-19T12:31:48","guid":{"rendered":"https:\/\/belvedere-am.com\/sponsoring\/"},"modified":"2026-04-22T09:30:38","modified_gmt":"2026-04-22T07:30:38","slug":"sponsoring","status":"publish","type":"page","link":"https:\/\/belvedere-am.com\/en\/sponsoring\/","title":{"rendered":"Sponsoring"},"content":{"rendered":"\t\t<div data-elementor-type=\"wp-page\" data-elementor-id=\"4050\" class=\"elementor elementor-4050 elementor-1773\" data-elementor-post-type=\"page\">\n\t\t\t\t<div class=\"elementor-element elementor-element-7452ab9b animated-slow e-flex e-con-boxed e-con e-parent\" data-id=\"7452ab9b\" data-element_type=\"container\" data-e-type=\"container\" data-settings=\"{&quot;animation&quot;:&quot;none&quot;,&quot;animation_delay&quot;:0.5,&quot;background_background&quot;:&quot;classic&quot;,&quot;jet_parallax_layout_list&quot;:[]}\">\n\t\t\t\t\t<div class=\"e-con-inner\">\n\t\t<div class=\"elementor-element elementor-element-2ccc0405 e-con-full e-flex e-con e-child\" data-id=\"2ccc0405\" data-element_type=\"container\" data-e-type=\"container\" data-settings=\"{&quot;jet_parallax_layout_list&quot;:[]}\">\n\t\t\t\t<div class=\"elementor-element elementor-element-22bae88c elementor-widget elementor-widget-text-editor\" data-id=\"22bae88c\" data-element_type=\"widget\" data-e-type=\"widget\" data-widget_type=\"text-editor.default\">\n\t\t\t\t<div class=\"elementor-widget-container\">\n\t\t\t\t\t\t\t\t\t<p>BELV\u00c9D\u00c8RE ASSET MANAGEMENT<\/p>\t\t\t\t\t\t\t\t<\/div>\n\t\t\t\t<\/div>\n\t\t\t\t<div class=\"elementor-element elementor-element-70ae9cf trennen elementor-widget elementor-widget-heading\" data-id=\"70ae9cf\" data-element_type=\"widget\" data-e-type=\"widget\" data-widget_type=\"heading.default\">\n\t\t\t\t<div class=\"elementor-widget-container\">\n\t\t\t\t\t<h1 class=\"elementor-heading-title elementor-size-default\">Sponsoring<\/h1>\t\t\t\t<\/div>\n\t\t\t\t<\/div>\n\t\t\t\t<\/div>\n\t\t\t\t\t<\/div>\n\t\t\t\t<\/div>\n\t\t<div class=\"elementor-element elementor-element-d227a5f e-flex e-con-boxed e-con e-parent\" data-id=\"d227a5f\" data-element_type=\"container\" data-e-type=\"container\" data-settings=\"{&quot;background_background&quot;:&quot;classic&quot;,&quot;jet_parallax_layout_list&quot;:[]}\">\n\t\t\t\t\t<div class=\"e-con-inner\">\n\t\t\t\t<div class=\"elementor-element elementor-element-d9462fa trennen elementor-widget elementor-widget-heading\" data-id=\"d9462fa\" data-element_type=\"widget\" data-e-type=\"widget\" data-widget_type=\"heading.default\">\n\t\t\t\t<div class=\"elementor-widget-container\">\n\t\t\t\t\t<h2 class=\"elementor-heading-title elementor-size-default\">We are passionate about trusting partnerships<\/h2>\t\t\t\t<\/div>\n\t\t\t\t<\/div>\n\t\t\t\t<div class=\"elementor-element elementor-element-015d8f7 elementor-widget elementor-widget-text-editor\" data-id=\"015d8f7\" data-element_type=\"widget\" data-e-type=\"widget\" data-widget_type=\"text-editor.default\">\n\t\t\t\t<div class=\"elementor-widget-container\">\n\t\t\t\t\t\t\t\t\t<p>One of our strengths is our passion for what we do. With this attitude, we are not only involved in the financial business, but also have a preference for the arts, sport and social issues. The activities contribute to regional value creation and build strong partnerships from which all parties can benefit.  <\/p>\t\t\t\t\t\t\t\t<\/div>\n\t\t\t\t<\/div>\n\t\t\t\t\t<\/div>\n\t\t\t\t<\/div>\n\t\t<div class=\"elementor-element elementor-element-7e3ce83 e-flex e-con-boxed e-con e-parent\" data-id=\"7e3ce83\" data-element_type=\"container\" data-e-type=\"container\" data-settings=\"{&quot;background_background&quot;:&quot;classic&quot;,&quot;jet_parallax_layout_list&quot;:[]}\">\n\t\t\t\t\t<div class=\"e-con-inner\">\n\t\t<div class=\"elementor-element elementor-element-7389073 e-con-full e-flex e-con e-child\" data-id=\"7389073\" data-element_type=\"container\" data-e-type=\"container\" data-settings=\"{&quot;background_background&quot;:&quot;classic&quot;,&quot;jet_parallax_layout_list&quot;:[]}\">\n\t\t\t\t<div class=\"elementor-element elementor-element-4fae159 elementor-widget elementor-widget-heading\" data-id=\"4fae159\" data-element_type=\"widget\" data-e-type=\"widget\" data-widget_type=\"heading.default\">\n\t\t\t\t<div class=\"elementor-widget-container\">\n\t\t\t\t\t<h6 class=\"elementor-heading-title elementor-size-default\">Mauro and Gino Caviezel<\/h6>\t\t\t\t<\/div>\n\t\t\t\t<\/div>\n\t\t\t\t<div class=\"elementor-element elementor-element-7687434 elementor-widget elementor-widget-text-editor\" data-id=\"7687434\" data-element_type=\"widget\" data-e-type=\"widget\" data-widget_type=\"text-editor.default\">\n\t\t\t\t<div class=\"elementor-widget-container\">\n\t\t\t\t\t\t\t\t\t<p>We have been supporting the Caviezel brothers in their Ski World Cup activities as a private sponsor since 2022. However, the collaboration with Mauro continues even after his sporting career, as he now works in the family business.   <\/p><p>Customers of the Belv\u00e9d\u00e8re have already had the opportunity to meet the entire Caviezel family in person on a number of occasions on the slopes or in a business setting and have greatly appreciated the friendly exchanges.  <\/p>\t\t\t\t\t\t\t\t<\/div>\n\t\t\t\t<\/div>\n\t\t\t\t<div class=\"elementor-element elementor-element-4bd8c96 elementor-widget elementor-widget-button\" data-id=\"4bd8c96\" data-element_type=\"widget\" data-e-type=\"widget\" data-widget_type=\"button.default\">\n\t\t\t\t<div class=\"elementor-widget-container\">\n\t\t\t\t\t\t\t\t\t<div class=\"elementor-button-wrapper\">\n\t\t\t\t\t<a class=\"elementor-button elementor-button-link elementor-size-sm\" href=\"https:\/\/belvedere-am.com\/en\/sponsoring\/sponsoring-gino-and-mauro-caviezel\/\">\n\t\t\t\t\t\t<span class=\"elementor-button-content-wrapper\">\n\t\t\t\t\t\t\t\t\t<span class=\"elementor-button-text\">Read more<\/span>\n\t\t\t\t\t<\/span>\n\t\t\t\t\t<\/a>\n\t\t\t\t<\/div>\n\t\t\t\t\t\t\t\t<\/div>\n\t\t\t\t<\/div>\n\t\t\t\t<div class=\"elementor-element elementor-element-46290b2 elementor-widget elementor-widget-image\" data-id=\"46290b2\" data-element_type=\"widget\" data-e-type=\"widget\" data-widget_type=\"image.default\">\n\t\t\t\t<div class=\"elementor-widget-container\">\n\t\t\t\t\t\t\t\t\t\t\t\t\t\t\t<img fetchpriority=\"high\" decoding=\"async\" width=\"1536\" height=\"1022\" src=\"https:\/\/belvedere-am.com\/wp-content\/uploads\/Caviezel-Gino-Mauro-NicholasIliano4-1-e1732634747410-1536x1022.jpg\" class=\"attachment-1536x1536 size-1536x1536 wp-image-1844\" alt=\"\" srcset=\"https:\/\/belvedere-am.com\/wp-content\/uploads\/Caviezel-Gino-Mauro-NicholasIliano4-1-e1732634747410-1536x1022.jpg 1536w, https:\/\/belvedere-am.com\/wp-content\/uploads\/Caviezel-Gino-Mauro-NicholasIliano4-1-e1732634747410-768x511.jpg 768w, https:\/\/belvedere-am.com\/wp-content\/uploads\/Caviezel-Gino-Mauro-NicholasIliano4-1-e1732634747410.jpg 1927w\" sizes=\"(max-width: 1536px) 100vw, 1536px\" \/>\t\t\t\t\t\t\t\t\t\t\t\t\t\t\t<\/div>\n\t\t\t\t<\/div>\n\t\t\t\t<\/div>\n\t\t<div class=\"elementor-element elementor-element-9c212ae e-con-full e-flex e-con e-child\" data-id=\"9c212ae\" data-element_type=\"container\" data-e-type=\"container\" data-settings=\"{&quot;background_background&quot;:&quot;classic&quot;,&quot;jet_parallax_layout_list&quot;:[]}\">\n\t\t\t\t<div class=\"elementor-element elementor-element-8c1c4c6 elementor-widget elementor-widget-heading\" data-id=\"8c1c4c6\" data-element_type=\"widget\" data-e-type=\"widget\" data-widget_type=\"heading.default\">\n\t\t\t\t<div class=\"elementor-widget-container\">\n\t\t\t\t\t<h2 class=\"elementor-heading-title elementor-size-default\">Curling Team H\u00f6sli<\/h2>\t\t\t\t<\/div>\n\t\t\t\t<\/div>\n\t\t\t\t<div class=\"elementor-element elementor-element-31edaa4 elementor-widget elementor-widget-text-editor\" data-id=\"31edaa4\" data-element_type=\"widget\" data-e-type=\"widget\" data-widget_type=\"text-editor.default\">\n\t\t\t\t<div class=\"elementor-widget-container\">\n\t\t\t\t\t\t\t\t\t<p>Our support for the Glarus curling team H\u00f6sli began in junior years. Winning the 2018 Swiss Junior Championships and the silver medal at the 2019 Junior World Championships were early highlights to celebrate. <\/p><p>The team is now part of the Swiss elite and among the top 16 in the world. Congratulations to the win at the Swiss Championship 2026! (<a href=\"https:\/\/belvedere-am.com\/schweizermeister-team-hoesli-belvedere\/\"><span style=\"text-decoration: underline;\">Gewinn des Schweizermeister-Titels 2026)<\/span><\/a><\/p>\t\t\t\t\t\t\t\t<\/div>\n\t\t\t\t<\/div>\n\t\t\t\t<div class=\"elementor-element elementor-element-b4d2881 elementor-widget elementor-widget-button\" data-id=\"b4d2881\" data-element_type=\"widget\" data-e-type=\"widget\" data-widget_type=\"button.default\">\n\t\t\t\t<div class=\"elementor-widget-container\">\n\t\t\t\t\t\t\t\t\t<div class=\"elementor-button-wrapper\">\n\t\t\t\t\t<a class=\"elementor-button elementor-button-link elementor-size-sm\" href=\"https:\/\/teamhoesli.ch\/\" target=\"_blank\" rel=\"noopener\">\n\t\t\t\t\t\t<span class=\"elementor-button-content-wrapper\">\n\t\t\t\t\t\t\t\t\t<span class=\"elementor-button-text\">Team H\u00f6sli Belv\u00e9d\u00e8re<\/span>\n\t\t\t\t\t<\/span>\n\t\t\t\t\t<\/a>\n\t\t\t\t<\/div>\n\t\t\t\t\t\t\t\t<\/div>\n\t\t\t\t<\/div>\n\t\t\t\t<div class=\"elementor-element elementor-element-0472bd0 elementor-widget elementor-widget-image\" data-id=\"0472bd0\" data-element_type=\"widget\" data-e-type=\"widget\" data-widget_type=\"image.default\">\n\t\t\t\t<div class=\"elementor-widget-container\">\n\t\t\t\t\t\t\t\t\t\t\t\t\t\t\t<img decoding=\"async\" width=\"1027\" height=\"682\" src=\"https:\/\/belvedere-am.com\/wp-content\/uploads\/Schweizermeister-2026-e1772446820888.jpg\" class=\"attachment-1536x1536 size-1536x1536 wp-image-6688\" alt=\"Team H\u00f6sli Belv\u00e9d\u00e8re Swiss Champions 2026\" srcset=\"https:\/\/belvedere-am.com\/wp-content\/uploads\/Schweizermeister-2026-e1772446820888.jpg 1027w, https:\/\/belvedere-am.com\/wp-content\/uploads\/Schweizermeister-2026-e1772446820888-768x510.jpg 768w\" sizes=\"(max-width: 1027px) 100vw, 1027px\" \/>\t\t\t\t\t\t\t\t\t\t\t\t\t\t\t<\/div>\n\t\t\t\t<\/div>\n\t\t\t\t<\/div>\n\t\t<div class=\"elementor-element elementor-element-2e51fe1 e-con-full e-flex e-con e-child\" data-id=\"2e51fe1\" data-element_type=\"container\" data-e-type=\"container\" data-settings=\"{&quot;background_background&quot;:&quot;classic&quot;,&quot;jet_parallax_layout_list&quot;:[]}\">\n\t\t\t\t<div class=\"elementor-element elementor-element-c3fc149 elementor-widget elementor-widget-heading\" data-id=\"c3fc149\" data-element_type=\"widget\" data-e-type=\"widget\" data-widget_type=\"heading.default\">\n\t\t\t\t<div class=\"elementor-widget-container\">\n\t\t\t\t\t<h2 class=\"elementor-heading-title elementor-size-default\">Volley N\u00e4fels<\/h2>\t\t\t\t<\/div>\n\t\t\t\t<\/div>\n\t\t\t\t<div class=\"elementor-element elementor-element-428e435 elementor-widget elementor-widget-text-editor\" data-id=\"428e435\" data-element_type=\"widget\" data-e-type=\"widget\" data-widget_type=\"text-editor.default\">\n\t\t\t\t<div class=\"elementor-widget-container\">\n\t\t\t\t\t\t\t\t\t<p>Volleyball has been a success story in N\u00e4fels for over 50 years, with a total of 9 championship titles and just as many cup victories. However, we not only support the men&#8217;s team, but have also been helping to promote talent since 2017. Over 25 junior titles are impressive proof of Volley N\u00e4fels&#8217; commitment to grassroots sport.  <\/p>\t\t\t\t\t\t\t\t<\/div>\n\t\t\t\t<\/div>\n\t\t\t\t<div class=\"elementor-element elementor-element-a51ade4 elementor-widget elementor-widget-button\" data-id=\"a51ade4\" data-element_type=\"widget\" data-e-type=\"widget\" data-widget_type=\"button.default\">\n\t\t\t\t<div class=\"elementor-widget-container\">\n\t\t\t\t\t\t\t\t\t<div class=\"elementor-button-wrapper\">\n\t\t\t\t\t<a class=\"elementor-button elementor-button-link elementor-size-sm\" href=\"https:\/\/www.volleynaefels.ch\/aktuell\/\" target=\"_blank\" rel=\"noopener\">\n\t\t\t\t\t\t<span class=\"elementor-button-content-wrapper\">\n\t\t\t\t\t\t\t\t\t<span class=\"elementor-button-text\">Volley N\u00e4fels<\/span>\n\t\t\t\t\t<\/span>\n\t\t\t\t\t<\/a>\n\t\t\t\t<\/div>\n\t\t\t\t\t\t\t\t<\/div>\n\t\t\t\t<\/div>\n\t\t\t\t<div class=\"elementor-element elementor-element-c4f8de4 elementor-widget elementor-widget-image\" data-id=\"c4f8de4\" data-element_type=\"widget\" data-e-type=\"widget\" data-widget_type=\"image.default\">\n\t\t\t\t<div class=\"elementor-widget-container\">\n\t\t\t\t\t\t\t\t\t\t\t\t\t\t\t<img decoding=\"async\" width=\"1184\" height=\"664\" src=\"https:\/\/belvedere-am.com\/wp-content\/uploads\/Volleynaefels-01.png\" class=\"attachment-1536x1536 size-1536x1536 wp-image-1781\" alt=\"\" srcset=\"https:\/\/belvedere-am.com\/wp-content\/uploads\/Volleynaefels-01.png 1184w, https:\/\/belvedere-am.com\/wp-content\/uploads\/Volleynaefels-01-768x431.png 768w\" sizes=\"(max-width: 1184px) 100vw, 1184px\" \/>\t\t\t\t\t\t\t\t\t\t\t\t\t\t\t<\/div>\n\t\t\t\t<\/div>\n\t\t\t\t<\/div>\n\t\t<div class=\"elementor-element elementor-element-87795d5 e-con-full e-flex e-con e-child\" data-id=\"87795d5\" data-element_type=\"container\" data-e-type=\"container\" data-settings=\"{&quot;background_background&quot;:&quot;classic&quot;,&quot;jet_parallax_layout_list&quot;:[]}\">\n\t\t\t\t<div class=\"elementor-element elementor-element-4588765 elementor-widget elementor-widget-heading\" data-id=\"4588765\" data-element_type=\"widget\" data-e-type=\"widget\" data-widget_type=\"heading.default\">\n\t\t\t\t<div class=\"elementor-widget-container\">\n\t\t\t\t\t<h2 class=\"elementor-heading-title elementor-size-default\">Belv\u00e9d\u00e8re art window<\/h2>\t\t\t\t<\/div>\n\t\t\t\t<\/div>\n\t\t\t\t<div class=\"elementor-element elementor-element-12cf17a elementor-widget elementor-widget-text-editor\" data-id=\"12cf17a\" data-element_type=\"widget\" data-e-type=\"widget\" data-widget_type=\"text-editor.default\">\n\t\t\t\t<div class=\"elementor-widget-container\">\n\t\t\t\t\t\t\t\t\t<p>During the summer months, our premises on Bellerivestrasse became an art gallery. Last year we were able to hold the fifth &#8220;Belv\u00e9d\u00e8re Art Window&#8221;. With this series of events, we share our expertise in the art market with you.  <\/p>\t\t\t\t\t\t\t\t<\/div>\n\t\t\t\t<\/div>\n\t\t\t\t<div class=\"elementor-element elementor-element-76831c4 elementor-widget elementor-widget-button\" data-id=\"76831c4\" data-element_type=\"widget\" data-e-type=\"widget\" data-widget_type=\"button.default\">\n\t\t\t\t<div class=\"elementor-widget-container\">\n\t\t\t\t\t\t\t\t\t<div class=\"elementor-button-wrapper\">\n\t\t\t\t\t<a class=\"elementor-button elementor-button-link elementor-size-sm\" href=\"https:\/\/belvedere-am.com\/en\/service\/art\/\" target=\"_blank\">\n\t\t\t\t\t\t<span class=\"elementor-button-content-wrapper\">\n\t\t\t\t\t\t\t\t\t<span class=\"elementor-button-text\">Read more<\/span>\n\t\t\t\t\t<\/span>\n\t\t\t\t\t<\/a>\n\t\t\t\t<\/div>\n\t\t\t\t\t\t\t\t<\/div>\n\t\t\t\t<\/div>\n\t\t\t\t<div class=\"elementor-element elementor-element-a854a79 elementor-widget elementor-widget-image\" data-id=\"a854a79\" data-element_type=\"widget\" data-e-type=\"widget\" data-widget_type=\"image.default\">\n\t\t\t\t<div class=\"elementor-widget-container\">\n\t\t\t\t\t\t\t\t\t\t\t\t\t\t\t<img loading=\"lazy\" decoding=\"async\" width=\"1536\" height=\"384\" src=\"https:\/\/belvedere-am.com\/wp-content\/uploads\/Kunstberatung-7-1536x384.png\" class=\"attachment-1536x1536 size-1536x1536 wp-image-1783\" alt=\"\" srcset=\"https:\/\/belvedere-am.com\/wp-content\/uploads\/Kunstberatung-7-1536x384.png 1536w, https:\/\/belvedere-am.com\/wp-content\/uploads\/Kunstberatung-7-768x192.png 768w, https:\/\/belvedere-am.com\/wp-content\/uploads\/Kunstberatung-7.png 1584w\" sizes=\"(max-width: 1536px) 100vw, 1536px\" \/>\t\t\t\t\t\t\t\t\t\t\t\t\t\t\t<\/div>\n\t\t\t\t<\/div>\n\t\t\t\t<\/div>\n\t\t\t\t\t<\/div>\n\t\t\t\t<\/div>\n\t\t<div class=\"elementor-element elementor-element-97a6e61 e-flex e-con-boxed e-con e-parent\" data-id=\"97a6e61\" data-element_type=\"container\" data-e-type=\"container\" data-settings=\"{&quot;background_background&quot;:&quot;classic&quot;,&quot;jet_parallax_layout_list&quot;:[]}\">\n\t\t\t\t\t<div class=\"e-con-inner\">\n\t\t<div class=\"elementor-element elementor-element-2b3c94f e-con-full e-flex e-con e-child\" data-id=\"2b3c94f\" data-element_type=\"container\" data-e-type=\"container\" data-settings=\"{&quot;jet_parallax_layout_list&quot;:[]}\">\n\t\t\t\t<div class=\"elementor-element elementor-element-5345d3d elementor-widget elementor-widget-heading\" data-id=\"5345d3d\" data-element_type=\"widget\" data-e-type=\"widget\" data-widget_type=\"heading.default\">\n\t\t\t\t<div class=\"elementor-widget-container\">\n\t\t\t\t\t<h2 class=\"elementor-heading-title elementor-size-default\">Sponsoring requests<\/h2>\t\t\t\t<\/div>\n\t\t\t\t<\/div>\n\t\t\t\t<div class=\"elementor-element elementor-element-28b4a13 elementor-widget elementor-widget-text-editor\" data-id=\"28b4a13\" data-element_type=\"widget\" data-e-type=\"widget\" data-widget_type=\"text-editor.default\">\n\t\t\t\t<div class=\"elementor-widget-container\">\n\t\t\t\t\t\t\t\t\t<p>Do you have an interesting request that meets these requirements?  <\/p><p>&#8211; The project fits in with our corporate philosophy<br>&#8211; The initiative belongs to the culture, sport and social affairs division<br>&#8211; Sector exclusivity is possible for larger commitments <\/p><p>Please send us your documentation to:<br>Belv\u00e9d\u00e8re Asset Management AG, Sponsoring, Hauptstrasse 45, 8750 Glarus<\/p>\t\t\t\t\t\t\t\t<\/div>\n\t\t\t\t<\/div>\n\t\t\t\t<\/div>\n\t\t<div class=\"elementor-element elementor-element-d94b213 e-con-full e-flex e-con e-child\" data-id=\"d94b213\" data-element_type=\"container\" data-e-type=\"container\" data-settings=\"{&quot;jet_parallax_layout_list&quot;:[]}\">\n\t\t\t\t<div class=\"elementor-element elementor-element-a7d3637 elementor-widget elementor-widget-image\" data-id=\"a7d3637\" data-element_type=\"widget\" data-e-type=\"widget\" data-widget_type=\"image.default\">\n\t\t\t\t<div class=\"elementor-widget-container\">\n\t\t\t\t\t\t\t\t\t\t\t\t\t\t\t<img loading=\"lazy\" decoding=\"async\" width=\"1689\" height=\"1125\" src=\"https:\/\/belvedere-am.com\/wp-content\/uploads\/BAM_Fluss-aeria_original.webp\" class=\"attachment-large size-large wp-image-2804\" alt=\"\" srcset=\"https:\/\/belvedere-am.com\/wp-content\/uploads\/BAM_Fluss-aeria_original.webp 1689w, https:\/\/belvedere-am.com\/wp-content\/uploads\/BAM_Fluss-aeria_original-768x512.webp 768w, https:\/\/belvedere-am.com\/wp-content\/uploads\/BAM_Fluss-aeria_original-1536x1023.webp 1536w\" sizes=\"(max-width: 1689px) 100vw, 1689px\" \/>\t\t\t\t\t\t\t\t\t\t\t\t\t\t\t<\/div>\n\t\t\t\t<\/div>\n\t\t\t\t<\/div>\n\t\t\t\t\t<\/div>\n\t\t\t\t<\/div>\n\t\t\t\t<\/div>\n\t\t","protected":false},"excerpt":{"rendered":"<p>BELV\u00c9D\u00c8RE ASSET MANAGEMENT Sponsoring We are passionate about trusting partnerships One of our strengths is our passion for what we do. With this attitude, we are not only involved in the financial business, but also have a preference for the arts, sport and social issues. The activities contribute to regional value creation and build strong [&hellip;]<\/p>\n","protected":false},"author":3,"featured_media":0,"parent":0,"menu_order":0,"comment_status":"closed","ping_status":"closed","template":"","meta":{"iawp_total_views":53,"footnotes":""},"class_list":["post-4050","page","type-page","status-publish","hentry"],"_links":{"self":[{"href":"https:\/\/belvedere-am.com\/en\/wp-json\/wp\/v2\/pages\/4050","targetHints":{"allow":["GET"]}}],"collection":[{"href":"https:\/\/belvedere-am.com\/en\/wp-json\/wp\/v2\/pages"}],"about":[{"href":"https:\/\/belvedere-am.com\/en\/wp-json\/wp\/v2\/types\/page"}],"author":[{"embeddable":true,"href":"https:\/\/belvedere-am.com\/en\/wp-json\/wp\/v2\/users\/3"}],"replies":[{"embeddable":true,"href":"https:\/\/belvedere-am.com\/en\/wp-json\/wp\/v2\/comments?post=4050"}],"version-history":[{"count":7,"href":"https:\/\/belvedere-am.com\/en\/wp-json\/wp\/v2\/pages\/4050\/revisions"}],"predecessor-version":[{"id":6794,"href":"https:\/\/belvedere-am.com\/en\/wp-json\/wp\/v2\/pages\/4050\/revisions\/6794"}],"wp:attachment":[{"href":"https:\/\/belvedere-am.com\/en\/wp-json\/wp\/v2\/media?parent=4050"}],"curies":[{"name":"wp","href":"https:\/\/api.w.org\/{rel}","templated":true}]}}